{"id":17342,"date":"2023-03-03T14:13:22","date_gmt":"2023-03-03T13:13:22","guid":{"rendered":"https:\/\/affaires-sociales.gouv.cg\/site_dev\/?page_id=17342"},"modified":"2023-03-03T15:40:16","modified_gmt":"2023-03-03T14:40:16","slug":"home-7","status":"publish","type":"page","link":"https:\/\/affaires-sociales.gouv.cg\/site_dev\/home-7\/","title":{"rendered":"Home"},"content":{"rendered":"<section class=\"wpb-content-wrapper\"><p>[vc_row row_type=\u00a0\u00bbparallax\u00a0\u00bb header_style=\u00a0\u00bbdark\u00a0\u00bb parallax_content_width=\u00a0\u00bbfull_width\u00a0\u00bb text_align=\u00a0\u00bbleft\u00a0\u00bb full_screen_section_height=\u00a0\u00bbno\u00a0\u00bb css=\u00a0\u00bb.vc_custom_1677242543741{margin-right: 100px !important;padding-top: 20px !important;padding-bottom: 16px !important;background-color: #000000 !important;}\u00a0\u00bb][vc_column css_animation=\u00a0\u00bbfadeInLeftBig\u00a0\u00bb width=\u00a0\u00bb1\/2&Prime;][vc_separator type=\u00a0\u00bbnormal\u00a0\u00bb transparency=\u00a0\u00bb0&Prime;][vc_single_image image=\u00a0\u00bb16734&Prime; img_size=\u00a0\u00bb430&#215;418&Prime; alignment=\u00a0\u00bbcenter\u00a0\u00bb style=\u00a0\u00bbvc_box_rounded\u00a0\u00bb onclick=\u00a0\u00bblink_image\u00a0\u00bb qode_css_animation=\u00a0\u00bbelement_from_fade\u00a0\u00bb qode_hover_animation=\u00a0\u00bbzoom_in\u00a0\u00bb css=\u00a0\u00bb.vc_custom_1677401836370{margin-left: 2px !important;border-radius: 1px !important;}\u00a0\u00bb][vc_separator type=\u00a0\u00bbnormal\u00a0\u00bb transparency=\u00a0\u00bb0&Prime;][vc_column_text]<\/p>\n<h4 style=\"text-align: center;\"><strong>MINISTRE IR\u00c8NE MARIE C\u00c9CILE MBOUKOU KIMBATSA N\u00c9E GOMA<\/strong><\/h4>\n<p>[\/vc_column_text][vc_separator type=\u00a0\u00bbnormal\u00a0\u00bb transparency=\u00a0\u00bb0&Prime;][vc_separator type=\u00a0\u00bbnormal\u00a0\u00bb transparency=\u00a0\u00bb0&Prime;][\/vc_column][vc_column parallax=\u00a0\u00bbcontent-moving-fade\u00a0\u00bb width=\u00a0\u00bb5\/12&Prime; css=\u00a0\u00bb.vc_custom_1677263528485{margin-right: 200px !important;}\u00a0\u00bb][vc_column_text css=\u00a0\u00bb.vc_custom_1677848714079{border-right-width: 130px !important;border-bottom-width: 20px !important;padding-right: 10px !important;padding-left: 10px !important;}\u00a0\u00bb]<\/p>\n<h2>BIOGRAPHIE DU MINISTRE<\/h2>\n<h5>MADAME\u00a0<strong>IR\u00c8NE MARIE C\u00c9CILE MBOUKOU-KIMBATSA<\/strong>\u00a0N\u00c9E\u00a0<strong>GOMA,\u00a0<\/strong>MINISTRE DES AFFAIRES SOCIALES DE LA SOLIDARIT\u00c9 ET DE L\u2019ACTION HUMANITAIRE DEPUIS LE 15 MAI 2021, EST ENSEIGNANTE CHERCHEUSE \u00c0 L\u2019UNIVERSIT\u00c9 MARIEN NGOUABI, ELLE EST CONGOLAISE, N\u00c9E EN R\u00c9PUBLIQUE DU CONGO.<\/h5>\n<p>&nbsp;<\/p>\n<p>Avant sa nomination dans le dernier Gouvernement au poste de Ministre des Affaires Sociales, de la Solidarit\u00e9 et de l\u2019Action Humanitaire, elle \u00e9tait Conseiller du Pr\u00e9sident de la R\u00e9publique, Chef du d\u00e9partement de l\u2019Agriculture, de l\u2019Elevage, de la P\u00eache et du D\u00e9veloppement rural de 2013 \u00e0 2021.<\/p>\n<p>Madame\u00a0<strong>Ir\u00e8ne Marie C\u00e9cile MBOUKOU-KIMBATSA\u00a0<\/strong>n\u00e9e<strong>\u00a0GOMA<\/strong>\u00a0a \u00e9t\u00e9 Consultante pour le compte de la Banque Mondiale entre 2005 \u00e0 2006 pour la pr\u00e9paration de la lettre de politique agricole qui a conduit \u00e0 l\u2019\u00e9laboration du projet de d\u00e9veloppement agricole et de r\u00e9habilitation des pistes rurales (PDARP). Elle a \u00e9t\u00e9 Responsable de suivi et \u00e9valuation ainsi que de suivi des mesures environnementales et sociales.<\/p>\n<p>&nbsp;<\/p>\n<h3><a href=\"https:\/\/masahs.a2hosted.com\/bibliographie\/\">LIRE PLUS<\/a><\/h3>\n<p>[\/vc_column_text][\/vc_column][\/vc_row][vc_row css_animation=\u00a0\u00bb\u00a0\u00bb row_type=\u00a0\u00bbrow\u00a0\u00bb use_row_as_full_screen_section=\u00a0\u00bbno\u00a0\u00bb type=\u00a0\u00bbfull_width\u00a0\u00bb header_style=\u00a0\u00bblight\u00a0\u00bb angled_section=\u00a0\u00bbno\u00a0\u00bb text_align=\u00a0\u00bbleft\u00a0\u00bb background_image_as_pattern=\u00a0\u00bbwithout_pattern\u00a0\u00bb z_index=\u00a0\u00bb\u00a0\u00bb][vc_column parallax=\u00a0\u00bbcontent-moving-fade\u00a0\u00bb parallax_image=\u00a0\u00bb15673&Prime; css_animation=\u00a0\u00bbnone\u00a0\u00bb]<div class=\"call_to_action with_icon\" style=\"background-color: #ffffff;padding-top: 10px;padding-bottom: 30px;\"><div class=\"two_columns_75_25 clearfix\"><div class=\"text_wrapper column1\"><div class=\"call_to_action_icon_holder\"><div class=\"call_to_action_icon\"><div class=\"call_to_action_icon_inner\"><i class='fa fa-angle-double-right pull-left . fa-lg'><\/i><\/div><\/div><\/div><div class=\"call_to_action_text  font_weight_inherit\" style=\"font-weight: 600;\"><\/div><\/div><\/div><\/div>[\/vc_column][\/vc_row][vc_row css_animation=\u00a0\u00bb\u00a0\u00bb row_type=\u00a0\u00bbrow\u00a0\u00bb use_row_as_full_screen_section=\u00a0\u00bbno\u00a0\u00bb type=\u00a0\u00bbfull_width\u00a0\u00bb angled_section=\u00a0\u00bbno\u00a0\u00bb text_align=\u00a0\u00bbleft\u00a0\u00bb background_image_as_pattern=\u00a0\u00bbwithout_pattern\u00a0\u00bb css=\u00a0\u00bb.vc_custom_1674145096516{margin-right: 20px !important;}\u00a0\u00bb z_index=\u00a0\u00bb\u00a0\u00bb][vc_column width=\u00a0\u00bb2\/3&Prime;][vc_text_separator title=\u00a0\u00bbNOS DERNI\u00c8RES ACTUALIT\u00c9S\u00a0\u00bb i_icon_monosocial=\u00a0\u00bbvc-mono vc-mono-googletalk\u00a0\u00bb i_icon_material=\u00a0\u00bbvc-material vc-material-airplay\u00a0\u00bb border=\u00a0\u00bbno\u00a0\u00bb][vc_column_text]<style type='text\/css' media='all'>#rt-tpg-container-1680175829 .rt-holder .rt-woo-info .price{color:#0367bf;}body .rt-tpg-container .rt-tpg-isotope-buttons .selected,\r\n\t\t\t\t\t#rt-tpg-container-1680175829 .layout12 .rt-holder:hover .rt-detail,\r\n\t\t\t\t\t#rt-tpg-container-1680175829 .isotope8 .rt-holder:hover .rt-detail,\r\n\t\t\t\t\t#rt-tpg-container-1680175829 .carousel8 .rt-holder:hover .rt-detail,\r\n\t\t\t\t\t#rt-tpg-container-1680175829 .layout13 .rt-holder .overlay .post-info,\r\n\t\t\t\t\t#rt-tpg-container-1680175829 .isotope9 .rt-holder .overlay .post-info,\r\n\t\t\t\t\t#rt-tpg-container-1680175829.rt-tpg-container .layout4 .rt-holder .rt-detail,\r\n\t\t\t\t\t.rt-modal-1680175829 .md-content,\r\n\t\t\t\t\t.rt-modal-1680175829 .md-content > .rt-md-content-holder .rt-md-content,\r\n\t\t\t\t\t.rt-popup-wrap-1680175829.rt-popup-wrap .rt-popup-navigation-wrap,\r\n\t\t\t\t\t#rt-tpg-container-1680175829 .carousel9 .rt-holder .overlay .post-info{background-color:#0367bf;}#rt-tpg-container-1680175829 .layout5 .rt-holder .overlay, #rt-tpg-container-1680175829 .isotope2 .rt-holder .overlay, #rt-tpg-container-1680175829 .carousel2 .rt-holder .overlay,#rt-tpg-container-1680175829 .layout15 .rt-holder h3, #rt-tpg-container-1680175829 .isotope11 .rt-holder h3, #rt-tpg-container-1680175829 .carousel11 .rt-holder h3, #rt-tpg-container-1680175829 .layout16 .rt-holder h3,\r\n\t\t\t\t\t#rt-tpg-container-1680175829 .isotope12 .rt-holder h3, #rt-tpg-container-1680175829 .carousel12 .rt-holder h3 {background-color:rgba(3,103,191,0.8);}#rt-tpg-container-1680175829 .read-more a{border-radius:10px;}#rt-tpg-container-1680175829 .rt-img-holder img.rt-img-responsive,#rt-tpg-container-1680175829 .rt-img-holder,\r\n\t\t\t\t\t#rt-tpg-container-1680175829 .rt-post-overlay .post-img,\r\n\t\t\t\t\t#rt-tpg-container-1680175829 .post-sm .post-img,\r\n\t\t\t\t\t#rt-tpg-container-1680175829 .rt-post-grid .post-img,\r\n\t\t\t\t\t#rt-tpg-container-1680175829 .post-img img {border-radius:px;}<\/style><div class='rt-container-fluid rt-tpg-container tpg-shortcode-main-wrapper  loading' id='rt-tpg-container-1680175829'   data-layout='layout5' data-grid-style='even' data-desktop-col='3'  data-tab-col='2'  data-mobile-col='1' data-sc-id='16283'><div id=\"bottom-script-loader\" class=\"bottom-script-loader\"><div class=\"rt-ball-clip-rotate\"><div><\/div><\/div><\/div><div data-title='Loading ...' class='rt-row rt-content-loader   layout5 tpg-even '><div class=\"rt-col-md-4 rt-col-sm-6 rt-col-xs-12 even-grid-item rt-grid-item\" data-id=\"17683\"><div class=\"rt-holder\"><div class=\"overlay\"><h4 class=\"entry-title\"><a data-id=\"17683\" class=\"\" href=\"https:\/\/affaires-sociales.gouv.cg\/site_dev\/2023\/05\/30\/assistance-personnes-vulnerables\/\">ASSISTANCE PERSONNES VULNERABLES<\/a><\/h4><span class='post-meta-user '><span class='date-meta'><i class='flaticon-tpg-calendar '><\/i>30 mai 2023<\/span><span class=\"comment-count\"><i class='flaticon-tpg-chat '><\/i><a href='https:\/\/affaires-sociales.gouv.cg\/site_dev\/2023\/05\/30\/assistance-personnes-vulnerables\/#respond'>(0) <\/a><\/span><\/span><div class='rt-detail'><div class='tpg-excerpt'><\/div><div class='post-meta center'><span class='read-more'><a data-id='17683' class='' href='https:\/\/affaires-sociales.gouv.cg\/site_dev\/2023\/05\/30\/assistance-personnes-vulnerables\/'>Lire Plus<\/a><\/span><\/div><\/div><\/div> <a data-id='17683' class='' href='https:\/\/affaires-sociales.gouv.cg\/site_dev\/2023\/05\/30\/assistance-personnes-vulnerables\/'><img width=\"1317\" height=\"540\" src=\"https:\/\/affaires-sociales.gouv.cg\/site_dev\/wp-content\/uploads\/2023\/02\/gabe-1.jpg\" class=\"rt-img-responsive \" alt=\"\" \/><\/a><\/div><\/div><div class=\"rt-col-md-4 rt-col-sm-6 rt-col-xs-12 even-grid-item rt-grid-item\" data-id=\"17681\"><div class=\"rt-holder\"><div class=\"overlay\"><h4 class=\"entry-title\"><a data-id=\"17681\" class=\"\" href=\"https:\/\/affaires-sociales.gouv.cg\/site_dev\/2023\/05\/30\/formation\/\">FORMATION<\/a><\/h4><span class='post-meta-user '><span class='date-meta'><i class='flaticon-tpg-calendar '><\/i>30 mai 2023<\/span><span class=\"comment-count\"><i class='flaticon-tpg-chat '><\/i><a href='https:\/\/affaires-sociales.gouv.cg\/site_dev\/2023\/05\/30\/formation\/#respond'>(0) <\/a><\/span><\/span><div class='rt-detail'><div class='tpg-excerpt'>CONTEN CONTENU<\/div><div class='post-meta center'><span class='read-more'><a data-id='17681' class='' href='https:\/\/affaires-sociales.gouv.cg\/site_dev\/2023\/05\/30\/formation\/'>Lire Plus<\/a><\/span><\/div><\/div><\/div> <a data-id='17681' class='' href='https:\/\/affaires-sociales.gouv.cg\/site_dev\/2023\/05\/30\/formation\/'><img width=\"1350\" height=\"678\" src=\"https:\/\/affaires-sociales.gouv.cg\/site_dev\/wp-content\/uploads\/2023\/02\/gabe1-1.jpg\" class=\"rt-img-responsive \" alt=\"\" \/><\/a><\/div><\/div><div class=\"rt-col-md-4 rt-col-sm-6 rt-col-xs-12 even-grid-item rt-grid-item\" data-id=\"17309\"><div class=\"rt-holder\"><div class=\"overlay\"><h4 class=\"entry-title\"><a data-id=\"17309\" class=\"\" href=\"https:\/\/affaires-sociales.gouv.cg\/site_dev\/2023\/02\/28\/lassistance-humanitaire-aux-populations-sinistrees-des-inondations-de-la-localite-de-mossaka-dans-la-cuvette\/\">l&rsquo;assistance humanitaire aux populations sinistr\u00e9es des inondations de la localit\u00e9 de Mossaka dans la Cuvette<\/a><\/h4><span class='post-meta-user '><span class='date-meta'><i class='flaticon-tpg-calendar '><\/i>28 f\u00e9vrier 2023<\/span><span class=\"comment-count\"><i class='flaticon-tpg-chat '><\/i><a href='https:\/\/affaires-sociales.gouv.cg\/site_dev\/2023\/02\/28\/lassistance-humanitaire-aux-populations-sinistrees-des-inondations-de-la-localite-de-mossaka-dans-la-cuvette\/#respond'>(0) <\/a><\/span><\/span><div class='rt-detail'><div class='tpg-excerpt'>Madame le ministre des affaires sociales et de l'action humanitaire<\/div><div class='post-meta center'><span class='read-more'><a data-id='17309' class='' href='https:\/\/affaires-sociales.gouv.cg\/site_dev\/2023\/02\/28\/lassistance-humanitaire-aux-populations-sinistrees-des-inondations-de-la-localite-de-mossaka-dans-la-cuvette\/'>Lire Plus<\/a><\/span><\/div><\/div><\/div> <a data-id='17309' class='' href='https:\/\/affaires-sociales.gouv.cg\/site_dev\/2023\/02\/28\/lassistance-humanitaire-aux-populations-sinistrees-des-inondations-de-la-localite-de-mossaka-dans-la-cuvette\/'><img width=\"1080\" height=\"720\" src=\"https:\/\/affaires-sociales.gouv.cg\/site_dev\/wp-content\/uploads\/2023\/02\/A1-1.jpg\" class=\"rt-img-responsive \" alt=\"\" \/><\/a><\/div><\/div><div class=\"rt-col-md-4 rt-col-sm-6 rt-col-xs-12 even-grid-item rt-grid-item\" data-id=\"17307\"><div class=\"rt-holder\"><div class=\"overlay\"><h4 class=\"entry-title\"><a data-id=\"17307\" class=\"\" href=\"https:\/\/affaires-sociales.gouv.cg\/site_dev\/2023\/02\/28\/seance-de-travail-cette-matinee-entre-la-ministre-des-affaires-sociales-et-de-laction-humanitaire-et-quelques-agences-du-systeme-des-nations-unies\/\">S\u00e9ance de travail cette matin\u00e9e entre la ministre des affaires sociales et de l\u2019action humanitaire et quelques agences du syst\u00e8me des nations unies.<\/a><\/h4><span class='post-meta-user '><span class='date-meta'><i class='flaticon-tpg-calendar '><\/i>28 f\u00e9vrier 2023<\/span><span class=\"comment-count\"><i class='flaticon-tpg-chat '><\/i><a href='https:\/\/affaires-sociales.gouv.cg\/site_dev\/2023\/02\/28\/seance-de-travail-cette-matinee-entre-la-ministre-des-affaires-sociales-et-de-laction-humanitaire-et-quelques-agences-du-systeme-des-nations-unies\/#respond'>(0) <\/a><\/span><\/span><div class='rt-detail'><div class='tpg-excerpt'>S\u00e9ance de travail cette matin\u00e9e entre la ministre des affaires<\/div><div class='post-meta center'><span class='read-more'><a data-id='17307' class='' href='https:\/\/affaires-sociales.gouv.cg\/site_dev\/2023\/02\/28\/seance-de-travail-cette-matinee-entre-la-ministre-des-affaires-sociales-et-de-laction-humanitaire-et-quelques-agences-du-systeme-des-nations-unies\/'>Lire Plus<\/a><\/span><\/div><\/div><\/div> <a data-id='17307' class='' href='https:\/\/affaires-sociales.gouv.cg\/site_dev\/2023\/02\/28\/seance-de-travail-cette-matinee-entre-la-ministre-des-affaires-sociales-et-de-laction-humanitaire-et-quelques-agences-du-systeme-des-nations-unies\/'><img width=\"1944\" height=\"1296\" src=\"https:\/\/affaires-sociales.gouv.cg\/site_dev\/wp-content\/uploads\/2023\/02\/279079050_358102079682243_1035510395705893735_n.jpg\" class=\"rt-img-responsive \" alt=\"\" \/><\/a><\/div><\/div><div class=\"rt-col-md-4 rt-col-sm-6 rt-col-xs-12 even-grid-item rt-grid-item\" data-id=\"17297\"><div class=\"rt-holder\"><div class=\"overlay\"><h4 class=\"entry-title\"><a data-id=\"17297\" class=\"\" href=\"https:\/\/affaires-sociales.gouv.cg\/site_dev\/2023\/02\/28\/le-nouvel-ambassadeur-des-etats-unis-damerique-en-republique-du-congo-son-excellence-eugene-youg-a-ete-recu-en-audience-cet-apres-midi-par-la-ministre-des-affaires-sociales-et-de-la\/\">Le nouvel ambassadeur des Etats Unis d\u2019Am\u00e9rique en R\u00e9publique du Congo .<\/a><\/h4><span class='post-meta-user '><span class='date-meta'><i class='flaticon-tpg-calendar '><\/i>28 f\u00e9vrier 2023<\/span><span class=\"comment-count\"><i class='flaticon-tpg-chat '><\/i><a href='https:\/\/affaires-sociales.gouv.cg\/site_dev\/2023\/02\/28\/le-nouvel-ambassadeur-des-etats-unis-damerique-en-republique-du-congo-son-excellence-eugene-youg-a-ete-recu-en-audience-cet-apres-midi-par-la-ministre-des-affaires-sociales-et-de-la\/#respond'>(0) <\/a><\/span><\/span><div class='rt-detail'><div class='tpg-excerpt'>Le nouvel ambassadeur des Etats Unis d\u2019Am\u00e9rique en R\u00e9publique du<\/div><div class='post-meta center'><span class='read-more'><a data-id='17297' class='' href='https:\/\/affaires-sociales.gouv.cg\/site_dev\/2023\/02\/28\/le-nouvel-ambassadeur-des-etats-unis-damerique-en-republique-du-congo-son-excellence-eugene-youg-a-ete-recu-en-audience-cet-apres-midi-par-la-ministre-des-affaires-sociales-et-de-la\/'>Lire Plus<\/a><\/span><\/div><\/div><\/div> <a data-id='17297' class='' href='https:\/\/affaires-sociales.gouv.cg\/site_dev\/2023\/02\/28\/le-nouvel-ambassadeur-des-etats-unis-damerique-en-republique-du-congo-son-excellence-eugene-youg-a-ete-recu-en-audience-cet-apres-midi-par-la-ministre-des-affaires-sociales-et-de-la\/'><img width=\"1944\" height=\"1296\" src=\"https:\/\/affaires-sociales.gouv.cg\/site_dev\/wp-content\/uploads\/2023\/02\/USA6.jpg\" class=\"rt-img-responsive \" alt=\"\" \/><\/a><\/div><\/div><div class=\"rt-col-md-4 rt-col-sm-6 rt-col-xs-12 even-grid-item rt-grid-item\" data-id=\"17295\"><div class=\"rt-holder\"><div class=\"overlay\"><h4 class=\"entry-title\"><a data-id=\"17295\" class=\"\" href=\"https:\/\/affaires-sociales.gouv.cg\/site_dev\/2023\/02\/28\/activites-sportives\/\">Activit\u00e9s sportives<\/a><\/h4><span class='post-meta-user '><span class='date-meta'><i class='flaticon-tpg-calendar '><\/i>28 f\u00e9vrier 2023<\/span><span class=\"comment-count\"><i class='flaticon-tpg-chat '><\/i><a href='https:\/\/affaires-sociales.gouv.cg\/site_dev\/2023\/02\/28\/activites-sportives\/#respond'>(0) <\/a><\/span><\/span><div class='rt-detail'><div class='tpg-excerpt'>C\u2019est \u00e0 travers les activit\u00e9s sportives que les personnels du<\/div><div class='post-meta center'><span class='read-more'><a data-id='17295' class='' href='https:\/\/affaires-sociales.gouv.cg\/site_dev\/2023\/02\/28\/activites-sportives\/'>Lire Plus<\/a><\/span><\/div><\/div><\/div> <a data-id='17295' class='' href='https:\/\/affaires-sociales.gouv.cg\/site_dev\/2023\/02\/28\/activites-sportives\/'><img width=\"1448\" height=\"636\" src=\"https:\/\/affaires-sociales.gouv.cg\/site_dev\/wp-content\/uploads\/2023\/02\/279888687_365203765638741_7910745904936694035_n.jpg\" class=\"rt-img-responsive \" alt=\"\" \/><\/a><\/div><\/div><\/div><div class='rt-pagination-wrap' data-total-pages='4' data-posts-per-page='6' data-type='pagination'  ><div class=\"rt-pagination\" ><ul class=\"pagination-list\"><li class=\"active\"><span>1<\/span><\/li><li><a data-paged='2' href='https:\/\/affaires-sociales.gouv.cg\/site_dev\/wp-json\/wp\/v2\/pages\/17342\/page\/2\/'>2<\/a><\/li><li><a data-paged='3' href='https:\/\/affaires-sociales.gouv.cg\/site_dev\/wp-json\/wp\/v2\/pages\/17342\/page\/3\/'>3<\/a><\/li><li><a data-paged='4' href='https:\/\/affaires-sociales.gouv.cg\/site_dev\/wp-json\/wp\/v2\/pages\/17342\/page\/4\/'>4<\/a><\/li><\/ul><\/div><\/div><\/div>[\/vc_column_text][\/vc_column][vc_column width=\u00a0\u00bb1\/3&Prime; css=\u00a0\u00bb.vc_custom_1674145004750{margin-right: 15px !important;margin-left: 5px !important;}\u00a0\u00bb][vc_text_separator title=\u00a0\u00bb\u00a0\u00bb border=\u00a0\u00bbno\u00a0\u00bb][vc_video link=\u00a0\u00bbhttps:\/\/www.youtube.com\/watch?v=G2KwtIlLKfk&amp;t=3s\u00a0\u00bb css=\u00a0\u00bb.vc_custom_1674144985501{margin-left: 10px !important;}\u00a0\u00bb][vc_text_separator title=\u00a0\u00bb\u00a0\u00bb border=\u00a0\u00bbno\u00a0\u00bb][qode_in_device_slider device=\u00a0\u00bbdesktop\u00a0\u00bb titles_on_hover=\u00a0\u00bbyes\u00a0\u00bb navigation=\u00a0\u00bbyes\u00a0\u00bb auto_start=\u00a0\u00bbyes\u00a0\u00bb][qode_in_device_slider_item target=\u00a0\u00bb_self\u00a0\u00bb image=\u00a0\u00bb15849&Prime; title=\u00a0\u00bbMINISTRE DES AFFAIRES SOCIALES,DE LA SOLIDARITE ET DE L&rsquo;ACTION HUMANITAIRE\u00a0\u00bb][\/qode_in_device_slider][\/vc_column][\/vc_row][vc_row css_animation=\u00a0\u00bbelement_from_left\u00a0\u00bb row_type=\u00a0\u00bbrow\u00a0\u00bb use_row_as_full_screen_section=\u00a0\u00bbno\u00a0\u00bb type=\u00a0\u00bbfull_width\u00a0\u00bb angled_section=\u00a0\u00bbno\u00a0\u00bb text_align=\u00a0\u00bbleft\u00a0\u00bb background_image_as_pattern=\u00a0\u00bbwithout_pattern\u00a0\u00bb z_index=\u00a0\u00bb\u00a0\u00bb css=\u00a0\u00bb.vc_custom_1673819759348{margin-right: 80px !important;}\u00a0\u00bb][vc_column parallax=\u00a0\u00bbcontent-moving-fade\u00a0\u00bb css_animation=\u00a0\u00bbbounceInRight\u00a0\u00bb css=\u00a0\u00bb.vc_custom_1673811350705{margin-right: 30px !important;margin-left: 50px !important;padding-right: 40px !important;padding-bottom: 30px !important;}\u00a0\u00bb][vc_text_separator title=\u00a0\u00bbNOS PARTENAIRES\u00a0\u00bb css_animation=\u00a0\u00bbfadeInRight\u00a0\u00bb border=\u00a0\u00bbno\u00a0\u00bb]<div class='qode_carousels_holder clearfix'><div class='qode_carousels' data-number-of-visible-items=''><ul class='slides'><li class='item'><div class=\"carousel_item_holder\"><a itemprop='url' href='https:\/\/www.fao.org\/home\/fr' target='_self'><span class='first_image_holder has_hover_image'><img itemprop=\"image\" src=\"https:\/\/affaires-sociales.gouv.cg\/wp-content\/uploads\/2023\/04\/FAO-1.png\" alt=\"carousel image\" \/><\/span><span class='second_image_holder has_hover_image'><img itemprop=\"image\" src=\"https:\/\/affaires-sociales.gouv.cg\/wp-content\/uploads\/2023\/04\/FAO-1.png\" alt=\"carousel image\" \/><\/span><\/a><\/div><\/li><li class='item'><div class=\"carousel_item_holder\"><a itemprop='url' href='https:\/\/www.expertisefrance.fr\/' target='_blank'><span class='first_image_holder has_hover_image'><img itemprop=\"image\" src=\"https:\/\/affaires-sociales.gouv.cg\/wp-content\/uploads\/2023\/04\/EXPERTISE-FRANCE.png\" alt=\"carousel image\" \/><\/span><span class='second_image_holder has_hover_image'><img itemprop=\"image\" src=\"https:\/\/affaires-sociales.gouv.cg\/wp-content\/uploads\/2023\/04\/EXPERTISE-FRANCE.png\" alt=\"carousel image\" \/><\/span><\/a><\/div><\/li><li class='item'><div class=\"carousel_item_holder\"><a itemprop='url' href='https:\/\/www.unhcr.org\/fr\/' target='_blank'><span class='first_image_holder has_hover_image'><img itemprop=\"image\" src=\"https:\/\/affaires-sociales.gouv.cg\/wp-content\/uploads\/2023\/04\/UHCR.png\" alt=\"carousel image\" \/><\/span><span class='second_image_holder has_hover_image'><img itemprop=\"image\" src=\"https:\/\/affaires-sociales.gouv.cg\/wp-content\/uploads\/2023\/04\/UHCR.png\" alt=\"carousel image\" \/><\/span><\/a><\/div><\/li><li class='item'><div class=\"carousel_item_holder\"><a itemprop='url' href='https:\/\/fr.wfp.org\/' target='_blank'><span class='first_image_holder has_hover_image'><img itemprop=\"image\" src=\"https:\/\/affaires-sociales.gouv.cg\/wp-content\/uploads\/2023\/04\/PAM-1.png\" alt=\"carousel image\" \/><\/span><span class='second_image_holder has_hover_image'><img itemprop=\"image\" src=\"https:\/\/affaires-sociales.gouv.cg\/wp-content\/uploads\/2023\/04\/PAM-1.png\" alt=\"carousel image\" \/><\/span><\/a><\/div><\/li><li class='item'><div class=\"carousel_item_holder\"><a itemprop='url' href='https:\/\/www.unhcr.org\/fr\/' target='_self'><span class='first_image_holder has_hover_image'><img itemprop=\"image\" src=\"https:\/\/affaires-sociales.gouv.cg\/wp-content\/uploads\/2023\/04\/UNFPA.png\" alt=\"carousel image\" \/><\/span><span class='second_image_holder has_hover_image'><img itemprop=\"image\" src=\"https:\/\/affaires-sociales.gouv.cg\/wp-content\/uploads\/2023\/04\/UNFPA.png\" alt=\"carousel image\" \/><\/span><\/a><\/div><\/li><li class='item'><div class=\"carousel_item_holder\"><a itemprop='url' href='https:\/\/www.unicef.org\/fr' target='_self'><span class='first_image_holder has_hover_image'><img itemprop=\"image\" src=\"https:\/\/affaires-sociales.gouv.cg\/wp-content\/uploads\/2023\/04\/unicef-1.png\" alt=\"carousel image\" \/><\/span><span class='second_image_holder has_hover_image'><img itemprop=\"image\" src=\"https:\/\/affaires-sociales.gouv.cg\/wp-content\/uploads\/2023\/04\/unicef-1.png\" alt=\"carousel image\" \/><\/span><\/a><\/div><\/li><li class='item'><div class=\"carousel_item_holder\"><a itemprop='url' href='https:\/\/www.who.int\/fr' target='_self'><span class='first_image_holder has_hover_image'><img itemprop=\"image\" src=\"https:\/\/affaires-sociales.gouv.cg\/wp-content\/uploads\/2023\/04\/OMS.png\" alt=\"carousel image\" \/><\/span><span class='second_image_holder has_hover_image'><img itemprop=\"image\" src=\"https:\/\/affaires-sociales.gouv.cg\/wp-content\/uploads\/2023\/04\/OMS.png\" alt=\"carousel image\" \/><\/span><\/a><\/div><\/li><li class='item'><div class=\"carousel_item_holder\"><a itemprop='url' href='https:\/\/www.banquemondiale.org\/fr\/home' target='_self'><span class='first_image_holder has_hover_image'><img itemprop=\"image\" src=\"https:\/\/affaires-sociales.gouv.cg\/wp-content\/uploads\/2023\/04\/BANQUE.png\" alt=\"carousel image\" \/><\/span><span class='second_image_holder has_hover_image'><img itemprop=\"image\" src=\"https:\/\/affaires-sociales.gouv.cg\/wp-content\/uploads\/2023\/04\/BANQUE.png\" alt=\"carousel image\" \/><\/span><\/a><\/div><\/li><li class='item'><div class=\"carousel_item_holder\"><a itemprop='url' href='https:\/\/www.afd.fr\/fr' target='_self'><span class='first_image_holder has_hover_image'><img itemprop=\"image\" src=\"https:\/\/affaires-sociales.gouv.cg\/wp-content\/uploads\/2023\/04\/AFD.png\" alt=\"carousel image\" \/><\/span><span class='second_image_holder has_hover_image'><img itemprop=\"image\" src=\"https:\/\/affaires-sociales.gouv.cg\/wp-content\/uploads\/2023\/04\/AFD.png\" alt=\"carousel image\" \/><\/span><\/a><\/div><\/li><\/ul><\/div><\/div>[vc_text_separator title=\u00a0\u00bb\u00a0\u00bb border=\u00a0\u00bbno\u00a0\u00bb][\/vc_column][\/vc_row][vc_row css_animation=\u00a0\u00bb\u00a0\u00bb row_type=\u00a0\u00bbrow\u00a0\u00bb use_row_as_full_screen_section=\u00a0\u00bbno\u00a0\u00bb type=\u00a0\u00bbfull_width\u00a0\u00bb angled_section=\u00a0\u00bbno\u00a0\u00bb text_align=\u00a0\u00bbcenter\u00a0\u00bb background_image_as_pattern=\u00a0\u00bbwithout_pattern\u00a0\u00bb background_color=\u00a0\u00bb#121212&Prime; padding_top=\u00a0\u00bb57&Prime; padding_bottom=\u00a0\u00bb0&Prime;][vc_column][vc_single_image image=\u00a0\u00bb15368&Prime; img_size=\u00a0\u00bbfull\u00a0\u00bb alignment=\u00a0\u00bbcenter\u00a0\u00bb qode_css_animation=\u00a0\u00bb\u00a0\u00bb][\/vc_column][\/vc_row]<\/p>\n<\/section>","protected":false},"excerpt":{"rendered":"<p>[vc_row row_type=\u00a0\u00bbparallax\u00a0\u00bb header_style=\u00a0\u00bbdark\u00a0\u00bb parallax_content_width=\u00a0\u00bbfull_width\u00a0\u00bb text_align=\u00a0\u00bbleft\u00a0\u00bb full_screen_section_height=\u00a0\u00bbno\u00a0\u00bb css=\u00a0\u00bb.vc_custom_1677242543741{margin-right: 100px !important;padding-top: 20px !important;padding-bottom: 16px !important;background-color: #000000 !important;}\u00a0\u00bb][vc_column css_animation=\u00a0\u00bbfadeInLeftBig\u00a0\u00bb width=\u00a0\u00bb1\/2&Prime;][vc_separator type=\u00a0\u00bbnormal\u00a0\u00bb transparency=\u00a0\u00bb0&Prime;][vc_single_image image=\u00a0\u00bb16734&Prime; img_size=\u00a0\u00bb430&#215;418&Prime; alignment=\u00a0\u00bbcenter\u00a0\u00bb style=\u00a0\u00bbvc_box_rounded\u00a0\u00bb onclick=\u00a0\u00bblink_image\u00a0\u00bb qode_css_animation=\u00a0\u00bbelement_from_fade\u00a0\u00bb qode_hover_animation=\u00a0\u00bbzoom_in\u00a0\u00bb css=\u00a0\u00bb.vc_custom_1677401836370{margin-left: 2px !important;border-radius: 1px !important;}\u00a0\u00bb][vc_separator type=\u00a0\u00bbnormal\u00a0\u00bb transparency=\u00a0\u00bb0&Prime;][vc_column_text] MINISTRE IR\u00c8NE MARIE C\u00c9CILE MBOUKOU KIMBATSA N\u00c9E GOMA [\/vc_column_text][vc_separator type=\u00a0\u00bbnormal\u00a0\u00bb transparency=\u00a0\u00bb0&Prime;][vc_separator type=\u00a0\u00bbnormal\u00a0\u00bb&#8230;<\/p>\n","protected":false},"author":1,"featured_media":0,"parent":0,"menu_order":0,"comment_status":"closed","ping_status":"closed","template":"full_width.php","meta":[],"yoast_head":"<!-- This site is optimized with the Yoast SEO plugin v20.8 - https:\/\/yoast.com\/wordpress\/plugins\/seo\/ -->\n<title>Home - affaire-sociales<\/title>\n<meta name=\"robots\" content=\"index, follow, max-snippet:-1, max-image-preview:large, max-video-preview:-1\" \/>\n<link rel=\"canonical\" href=\"https:\/\/affaires-sociales.gouv.cg\/site_dev\/home-7\/\" \/>\n<meta property=\"og:locale\" content=\"fr_FR\" \/>\n<meta property=\"og:type\" content=\"article\" \/>\n<meta property=\"og:title\" content=\"Home - affaire-sociales\" \/>\n<meta property=\"og:description\" content=\"[vc_row row_type=\u00a0\u00bbparallax\u00a0\u00bb header_style=\u00a0\u00bbdark\u00a0\u00bb parallax_content_width=\u00a0\u00bbfull_width\u00a0\u00bb text_align=\u00a0\u00bbleft\u00a0\u00bb full_screen_section_height=\u00a0\u00bbno\u00a0\u00bb css=\u00a0\u00bb.vc_custom_1677242543741{margin-right: 100px !important;padding-top: 20px !important;padding-bottom: 16px !important;background-color: #000000 !important;}\u00a0\u00bb][vc_column css_animation=\u00a0\u00bbfadeInLeftBig\u00a0\u00bb width=\u00a0\u00bb1\/2&Prime;][vc_separator type=\u00a0\u00bbnormal\u00a0\u00bb transparency=\u00a0\u00bb0&Prime;][vc_single_image image=\u00a0\u00bb16734&Prime; img_size=\u00a0\u00bb430&#215;418&Prime; alignment=\u00a0\u00bbcenter\u00a0\u00bb style=\u00a0\u00bbvc_box_rounded\u00a0\u00bb onclick=\u00a0\u00bblink_image\u00a0\u00bb qode_css_animation=\u00a0\u00bbelement_from_fade\u00a0\u00bb qode_hover_animation=\u00a0\u00bbzoom_in\u00a0\u00bb css=\u00a0\u00bb.vc_custom_1677401836370{margin-left: 2px !important;border-radius: 1px !important;}\u00a0\u00bb][vc_separator type=\u00a0\u00bbnormal\u00a0\u00bb transparency=\u00a0\u00bb0&Prime;][vc_column_text] MINISTRE IR\u00c8NE MARIE C\u00c9CILE MBOUKOU KIMBATSA N\u00c9E GOMA [\/vc_column_text][vc_separator type=\u00a0\u00bbnormal\u00a0\u00bb transparency=\u00a0\u00bb0&Prime;][vc_separator type=\u00a0\u00bbnormal\u00a0\u00bb...\" \/>\n<meta property=\"og:url\" content=\"https:\/\/affaires-sociales.gouv.cg\/site_dev\/home-7\/\" \/>\n<meta property=\"og:site_name\" content=\"affaire-sociales\" \/>\n<meta property=\"article:publisher\" content=\"https:\/\/www.facebook.com\/people\/Ministre-Des-Affaires-Sociales-Et-De-Laction-Humanitaire\/100064473618465\/\" \/>\n<meta property=\"article:modified_time\" content=\"2023-03-03T14:40:16+00:00\" \/>\n<meta name=\"twitter:card\" content=\"summary_large_image\" \/>\n<meta name=\"twitter:site\" content=\"@aff_sociales_cg\" \/>\n<meta name=\"twitter:label1\" content=\"Dur\u00e9e de lecture estim\u00e9e\" \/>\n\t<meta name=\"twitter:data1\" content=\"2 minutes\" \/>\n<script type=\"application\/ld+json\" class=\"yoast-schema-graph\">{\"@context\":\"https:\/\/schema.org\",\"@graph\":[{\"@type\":\"WebPage\",\"@id\":\"https:\/\/affaires-sociales.gouv.cg\/site_dev\/home-7\/\",\"url\":\"https:\/\/affaires-sociales.gouv.cg\/site_dev\/home-7\/\",\"name\":\"Home - affaire-sociales\",\"isPartOf\":{\"@id\":\"https:\/\/affaires-sociales.gouv.cg\/site_dev\/#website\"},\"datePublished\":\"2023-03-03T13:13:22+00:00\",\"dateModified\":\"2023-03-03T14:40:16+00:00\",\"breadcrumb\":{\"@id\":\"https:\/\/affaires-sociales.gouv.cg\/site_dev\/home-7\/#breadcrumb\"},\"inLanguage\":\"fr-FR\",\"potentialAction\":[{\"@type\":\"ReadAction\",\"target\":[\"https:\/\/affaires-sociales.gouv.cg\/site_dev\/home-7\/\"]}]},{\"@type\":\"BreadcrumbList\",\"@id\":\"https:\/\/affaires-sociales.gouv.cg\/site_dev\/home-7\/#breadcrumb\",\"itemListElement\":[{\"@type\":\"ListItem\",\"position\":1,\"name\":\"Accueil\",\"item\":\"https:\/\/affaires-sociales.gouv.cg\/site_dev\/\"},{\"@type\":\"ListItem\",\"position\":2,\"name\":\"Home\"}]},{\"@type\":\"WebSite\",\"@id\":\"https:\/\/affaires-sociales.gouv.cg\/site_dev\/#website\",\"url\":\"https:\/\/affaires-sociales.gouv.cg\/site_dev\/\",\"name\":\"affaires-sociales\",\"description\":\"Un site utilisant WordPress\",\"publisher\":{\"@id\":\"https:\/\/affaires-sociales.gouv.cg\/site_dev\/#organization\"},\"potentialAction\":[{\"@type\":\"SearchAction\",\"target\":{\"@type\":\"EntryPoint\",\"urlTemplate\":\"https:\/\/affaires-sociales.gouv.cg\/site_dev\/?s={search_term_string}\"},\"query-input\":\"required name=search_term_string\"}],\"inLanguage\":\"fr-FR\"},{\"@type\":\"Organization\",\"@id\":\"https:\/\/affaires-sociales.gouv.cg\/site_dev\/#organization\",\"name\":\"minist\u00e8re des affaires-sociales, de la solidarit\u00e9 et de l'Action Humanitaire\",\"url\":\"https:\/\/affaires-sociales.gouv.cg\/site_dev\/\",\"logo\":{\"@type\":\"ImageObject\",\"inLanguage\":\"fr-FR\",\"@id\":\"https:\/\/affaires-sociales.gouv.cg\/site_dev\/#\/schema\/logo\/image\/\",\"url\":\"https:\/\/affaires-sociales.gouv.cg\/wp-content\/uploads\/2023\/01\/logogros.jpg\",\"contentUrl\":\"https:\/\/affaires-sociales.gouv.cg\/wp-content\/uploads\/2023\/01\/logogros.jpg\",\"width\":1376,\"height\":502,\"caption\":\"minist\u00e8re des affaires-sociales, de la solidarit\u00e9 et de l'Action Humanitaire\"},\"image\":{\"@id\":\"https:\/\/affaires-sociales.gouv.cg\/site_dev\/#\/schema\/logo\/image\/\"},\"sameAs\":[\"https:\/\/www.facebook.com\/people\/Ministre-Des-Affaires-Sociales-Et-De-Laction-Humanitaire\/100064473618465\/\",\"https:\/\/twitter.com\/aff_sociales_cg\"]}]}<\/script>\n<!-- \/ Yoast SEO plugin. -->","yoast_head_json":{"title":"Home - affaire-sociales","robots":{"index":"index","follow":"follow","max-snippet":"max-snippet:-1","max-image-preview":"max-image-preview:large","max-video-preview":"max-video-preview:-1"},"canonical":"https:\/\/affaires-sociales.gouv.cg\/site_dev\/home-7\/","og_locale":"fr_FR","og_type":"article","og_title":"Home - affaire-sociales","og_description":"[vc_row row_type=\u00a0\u00bbparallax\u00a0\u00bb header_style=\u00a0\u00bbdark\u00a0\u00bb parallax_content_width=\u00a0\u00bbfull_width\u00a0\u00bb text_align=\u00a0\u00bbleft\u00a0\u00bb full_screen_section_height=\u00a0\u00bbno\u00a0\u00bb css=\u00a0\u00bb.vc_custom_1677242543741{margin-right: 100px !important;padding-top: 20px !important;padding-bottom: 16px !important;background-color: #000000 !important;}\u00a0\u00bb][vc_column css_animation=\u00a0\u00bbfadeInLeftBig\u00a0\u00bb width=\u00a0\u00bb1\/2&Prime;][vc_separator type=\u00a0\u00bbnormal\u00a0\u00bb transparency=\u00a0\u00bb0&Prime;][vc_single_image image=\u00a0\u00bb16734&Prime; img_size=\u00a0\u00bb430&#215;418&Prime; alignment=\u00a0\u00bbcenter\u00a0\u00bb style=\u00a0\u00bbvc_box_rounded\u00a0\u00bb onclick=\u00a0\u00bblink_image\u00a0\u00bb qode_css_animation=\u00a0\u00bbelement_from_fade\u00a0\u00bb qode_hover_animation=\u00a0\u00bbzoom_in\u00a0\u00bb css=\u00a0\u00bb.vc_custom_1677401836370{margin-left: 2px !important;border-radius: 1px !important;}\u00a0\u00bb][vc_separator type=\u00a0\u00bbnormal\u00a0\u00bb transparency=\u00a0\u00bb0&Prime;][vc_column_text] MINISTRE IR\u00c8NE MARIE C\u00c9CILE MBOUKOU KIMBATSA N\u00c9E GOMA [\/vc_column_text][vc_separator type=\u00a0\u00bbnormal\u00a0\u00bb transparency=\u00a0\u00bb0&Prime;][vc_separator type=\u00a0\u00bbnormal\u00a0\u00bb...","og_url":"https:\/\/affaires-sociales.gouv.cg\/site_dev\/home-7\/","og_site_name":"affaire-sociales","article_publisher":"https:\/\/www.facebook.com\/people\/Ministre-Des-Affaires-Sociales-Et-De-Laction-Humanitaire\/100064473618465\/","article_modified_time":"2023-03-03T14:40:16+00:00","twitter_card":"summary_large_image","twitter_site":"@aff_sociales_cg","twitter_misc":{"Dur\u00e9e de lecture estim\u00e9e":"2 minutes"},"schema":{"@context":"https:\/\/schema.org","@graph":[{"@type":"WebPage","@id":"https:\/\/affaires-sociales.gouv.cg\/site_dev\/home-7\/","url":"https:\/\/affaires-sociales.gouv.cg\/site_dev\/home-7\/","name":"Home - affaire-sociales","isPartOf":{"@id":"https:\/\/affaires-sociales.gouv.cg\/site_dev\/#website"},"datePublished":"2023-03-03T13:13:22+00:00","dateModified":"2023-03-03T14:40:16+00:00","breadcrumb":{"@id":"https:\/\/affaires-sociales.gouv.cg\/site_dev\/home-7\/#breadcrumb"},"inLanguage":"fr-FR","potentialAction":[{"@type":"ReadAction","target":["https:\/\/affaires-sociales.gouv.cg\/site_dev\/home-7\/"]}]},{"@type":"BreadcrumbList","@id":"https:\/\/affaires-sociales.gouv.cg\/site_dev\/home-7\/#breadcrumb","itemListElement":[{"@type":"ListItem","position":1,"name":"Accueil","item":"https:\/\/affaires-sociales.gouv.cg\/site_dev\/"},{"@type":"ListItem","position":2,"name":"Home"}]},{"@type":"WebSite","@id":"https:\/\/affaires-sociales.gouv.cg\/site_dev\/#website","url":"https:\/\/affaires-sociales.gouv.cg\/site_dev\/","name":"affaires-sociales","description":"Un site utilisant WordPress","publisher":{"@id":"https:\/\/affaires-sociales.gouv.cg\/site_dev\/#organization"},"potentialAction":[{"@type":"SearchAction","target":{"@type":"EntryPoint","urlTemplate":"https:\/\/affaires-sociales.gouv.cg\/site_dev\/?s={search_term_string}"},"query-input":"required name=search_term_string"}],"inLanguage":"fr-FR"},{"@type":"Organization","@id":"https:\/\/affaires-sociales.gouv.cg\/site_dev\/#organization","name":"minist\u00e8re des affaires-sociales, de la solidarit\u00e9 et de l'Action Humanitaire","url":"https:\/\/affaires-sociales.gouv.cg\/site_dev\/","logo":{"@type":"ImageObject","inLanguage":"fr-FR","@id":"https:\/\/affaires-sociales.gouv.cg\/site_dev\/#\/schema\/logo\/image\/","url":"https:\/\/affaires-sociales.gouv.cg\/wp-content\/uploads\/2023\/01\/logogros.jpg","contentUrl":"https:\/\/affaires-sociales.gouv.cg\/wp-content\/uploads\/2023\/01\/logogros.jpg","width":1376,"height":502,"caption":"minist\u00e8re des affaires-sociales, de la solidarit\u00e9 et de l'Action Humanitaire"},"image":{"@id":"https:\/\/affaires-sociales.gouv.cg\/site_dev\/#\/schema\/logo\/image\/"},"sameAs":["https:\/\/www.facebook.com\/people\/Ministre-Des-Affaires-Sociales-Et-De-Laction-Humanitaire\/100064473618465\/","https:\/\/twitter.com\/aff_sociales_cg"]}]}},"rttpg_featured_image_url":null,"rttpg_author":{"display_name":"admin_sociales","author_link":"https:\/\/affaires-sociales.gouv.cg\/site_dev\/author\/admin_sociales\/"},"rttpg_comment":0,"rttpg_category":null,"rttpg_excerpt":"[vc_row row_type=\u00a0\u00bbparallax\u00a0\u00bb header_style=\u00a0\u00bbdark\u00a0\u00bb parallax_content_width=\u00a0\u00bbfull_width\u00a0\u00bb text_align=\u00a0\u00bbleft\u00a0\u00bb full_screen_section_height=\u00a0\u00bbno\u00a0\u00bb css=\u00a0\u00bb.vc_custom_1677242543741{margin-right: 100px !important;padding-top: 20px !important;padding-bottom: 16px !important;background-color: #000000 !important;}\u00a0\u00bb][vc_column css_animation=\u00a0\u00bbfadeInLeftBig\u00a0\u00bb width=\u00a0\u00bb1\/2&Prime;][vc_separator type=\u00a0\u00bbnormal\u00a0\u00bb transparency=\u00a0\u00bb0&Prime;][vc_single_image image=\u00a0\u00bb16734&Prime; img_size=\u00a0\u00bb430&#215;418&Prime; alignment=\u00a0\u00bbcenter\u00a0\u00bb style=\u00a0\u00bbvc_box_rounded\u00a0\u00bb onclick=\u00a0\u00bblink_image\u00a0\u00bb qode_css_animation=\u00a0\u00bbelement_from_fade\u00a0\u00bb qode_hover_animation=\u00a0\u00bbzoom_in\u00a0\u00bb css=\u00a0\u00bb.vc_custom_1677401836370{margin-left: 2px !important;border-radius: 1px !important;}\u00a0\u00bb][vc_separator type=\u00a0\u00bbnormal\u00a0\u00bb transparency=\u00a0\u00bb0&Prime;][vc_column_text] MINISTRE IR\u00c8NE MARIE C\u00c9CILE MBOUKOU KIMBATSA N\u00c9E GOMA [\/vc_column_text][vc_separator type=\u00a0\u00bbnormal\u00a0\u00bb transparency=\u00a0\u00bb0&Prime;][vc_separator type=\u00a0\u00bbnormal\u00a0\u00bb...","_links":{"self":[{"href":"https:\/\/affaires-sociales.gouv.cg\/site_dev\/wp-json\/wp\/v2\/pages\/17342"}],"collection":[{"href":"https:\/\/affaires-sociales.gouv.cg\/site_dev\/wp-json\/wp\/v2\/pages"}],"about":[{"href":"https:\/\/affaires-sociales.gouv.cg\/site_dev\/wp-json\/wp\/v2\/types\/page"}],"author":[{"embeddable":true,"href":"https:\/\/affaires-sociales.gouv.cg\/site_dev\/wp-json\/wp\/v2\/users\/1"}],"replies":[{"embeddable":true,"href":"https:\/\/affaires-sociales.gouv.cg\/site_dev\/wp-json\/wp\/v2\/comments?post=17342"}],"version-history":[{"count":1,"href":"https:\/\/affaires-sociales.gouv.cg\/site_dev\/wp-json\/wp\/v2\/pages\/17342\/revisions"}],"predecessor-version":[{"id":17344,"href":"https:\/\/affaires-sociales.gouv.cg\/site_dev\/wp-json\/wp\/v2\/pages\/17342\/revisions\/17344"}],"wp:attachment":[{"href":"https:\/\/affaires-sociales.gouv.cg\/site_dev\/wp-json\/wp\/v2\/media?parent=17342"}],"curies":[{"name":"wp","href":"https:\/\/api.w.org\/{rel}","templated":true}]}}