{"id":15461,"date":"2023-01-10T17:11:41","date_gmt":"2023-01-10T16:11:41","guid":{"rendered":"http:\/\/localhost:8080\/affaires-sociales\/?page_id=15461"},"modified":"2023-01-24T15:03:52","modified_gmt":"2023-01-24T14:03:52","slug":"le-ministre","status":"publish","type":"page","link":"https:\/\/affaires-sociales.gouv.cg\/site_dev\/le-ministre\/","title":{"rendered":"le ministre"},"content":{"rendered":"\n<p class=\"has-black-color has-white-background-color has-text-color has-background has-medium-font-size\">Article 2 : Plac\u00e9 sous l\u2019autorit\u00e9 d\u2019un directeur, le cabinet est l\u2019organe de conception, de coordination, d\u2019animation et de contr\u00f4le qui assiste le ministre dans son action.Il est charg\u00e9 de r\u00e9gler, au nom du ministre et par d\u00e9l\u00e9gation, toutes les questions politiques, administratives et techniques relevant du minist\u00e8re.<\/p>\n\n\n\n<p class=\"has-black-color has-white-background-color has-text-color has-background has-medium-font-size\"><br>La composition du cabinet et les modalit\u00e9s de nomination de ses membres sont d\u00e9finies par la r\u00e9glementation en vigueur<\/p>\n","protected":false},"excerpt":{"rendered":"<p>Article 2 : Plac\u00e9 sous l\u2019autorit\u00e9 d\u2019un directeur, le cabinet est l\u2019organe de conception, de coordination, d\u2019animation et de contr\u00f4le qui assiste le ministre dans son action.Il est charg\u00e9 de r\u00e9gler, au nom du ministre et par d\u00e9l\u00e9gation, toutes les questions politiques, administratives et techniques&#8230;<\/p>\n","protected":false},"author":1,"featured_media":0,"parent":0,"menu_order":0,"comment_status":"closed","ping_status":"closed","template":"","meta":[],"yoast_head":"<!-- This site is optimized with the Yoast SEO plugin v20.8 - https:\/\/yoast.com\/wordpress\/plugins\/seo\/ -->\n<title>le ministre - affaire-sociales<\/title>\n<meta name=\"robots\" content=\"index, follow, max-snippet:-1, max-image-preview:large, max-video-preview:-1\" \/>\n<link rel=\"canonical\" href=\"https:\/\/affaires-sociales.gouv.cg\/site_dev\/le-ministre\/\" \/>\n<meta property=\"og:locale\" content=\"fr_FR\" \/>\n<meta property=\"og:type\" content=\"article\" \/>\n<meta property=\"og:title\" content=\"le ministre - affaire-sociales\" \/>\n<meta property=\"og:description\" content=\"Article 2 : Plac\u00e9 sous l\u2019autorit\u00e9 d\u2019un directeur, le cabinet est l\u2019organe de conception, de coordination, d\u2019animation et de contr\u00f4le qui assiste le ministre dans son action.Il est charg\u00e9 de r\u00e9gler, au nom du ministre et par d\u00e9l\u00e9gation, toutes les questions politiques, administratives et techniques...\" \/>\n<meta property=\"og:url\" content=\"https:\/\/affaires-sociales.gouv.cg\/site_dev\/le-ministre\/\" \/>\n<meta property=\"og:site_name\" content=\"affaire-sociales\" \/>\n<meta property=\"article:publisher\" content=\"https:\/\/www.facebook.com\/people\/Ministre-Des-Affaires-Sociales-Et-De-Laction-Humanitaire\/100064473618465\/\" \/>\n<meta property=\"article:modified_time\" content=\"2023-01-24T14:03:52+00:00\" \/>\n<meta name=\"twitter:card\" content=\"summary_large_image\" \/>\n<meta name=\"twitter:site\" content=\"@aff_sociales_cg\" \/>\n<meta name=\"twitter:label1\" content=\"Dur\u00e9e de lecture estim\u00e9e\" \/>\n\t<meta name=\"twitter:data1\" content=\"1 minute\" \/>\n<script type=\"application\/ld+json\" class=\"yoast-schema-graph\">{\"@context\":\"https:\/\/schema.org\",\"@graph\":[{\"@type\":\"WebPage\",\"@id\":\"https:\/\/affaires-sociales.gouv.cg\/site_dev\/le-ministre\/\",\"url\":\"https:\/\/affaires-sociales.gouv.cg\/site_dev\/le-ministre\/\",\"name\":\"le ministre - affaire-sociales\",\"isPartOf\":{\"@id\":\"https:\/\/affaires-sociales.gouv.cg\/site_dev\/#website\"},\"datePublished\":\"2023-01-10T16:11:41+00:00\",\"dateModified\":\"2023-01-24T14:03:52+00:00\",\"breadcrumb\":{\"@id\":\"https:\/\/affaires-sociales.gouv.cg\/site_dev\/le-ministre\/#breadcrumb\"},\"inLanguage\":\"fr-FR\",\"potentialAction\":[{\"@type\":\"ReadAction\",\"target\":[\"https:\/\/affaires-sociales.gouv.cg\/site_dev\/le-ministre\/\"]}]},{\"@type\":\"BreadcrumbList\",\"@id\":\"https:\/\/affaires-sociales.gouv.cg\/site_dev\/le-ministre\/#breadcrumb\",\"itemListElement\":[{\"@type\":\"ListItem\",\"position\":1,\"name\":\"Accueil\",\"item\":\"https:\/\/affaires-sociales.gouv.cg\/site_dev\/\"},{\"@type\":\"ListItem\",\"position\":2,\"name\":\"le ministre\"}]},{\"@type\":\"WebSite\",\"@id\":\"https:\/\/affaires-sociales.gouv.cg\/site_dev\/#website\",\"url\":\"https:\/\/affaires-sociales.gouv.cg\/site_dev\/\",\"name\":\"affaires-sociales\",\"description\":\"Un site utilisant WordPress\",\"publisher\":{\"@id\":\"https:\/\/affaires-sociales.gouv.cg\/site_dev\/#organization\"},\"potentialAction\":[{\"@type\":\"SearchAction\",\"target\":{\"@type\":\"EntryPoint\",\"urlTemplate\":\"https:\/\/affaires-sociales.gouv.cg\/site_dev\/?s={search_term_string}\"},\"query-input\":\"required name=search_term_string\"}],\"inLanguage\":\"fr-FR\"},{\"@type\":\"Organization\",\"@id\":\"https:\/\/affaires-sociales.gouv.cg\/site_dev\/#organization\",\"name\":\"minist\u00e8re des affaires-sociales, de la solidarit\u00e9 et de l'Action Humanitaire\",\"url\":\"https:\/\/affaires-sociales.gouv.cg\/site_dev\/\",\"logo\":{\"@type\":\"ImageObject\",\"inLanguage\":\"fr-FR\",\"@id\":\"https:\/\/affaires-sociales.gouv.cg\/site_dev\/#\/schema\/logo\/image\/\",\"url\":\"https:\/\/affaires-sociales.gouv.cg\/wp-content\/uploads\/2023\/01\/logogros.jpg\",\"contentUrl\":\"https:\/\/affaires-sociales.gouv.cg\/wp-content\/uploads\/2023\/01\/logogros.jpg\",\"width\":1376,\"height\":502,\"caption\":\"minist\u00e8re des affaires-sociales, de la solidarit\u00e9 et de l'Action Humanitaire\"},\"image\":{\"@id\":\"https:\/\/affaires-sociales.gouv.cg\/site_dev\/#\/schema\/logo\/image\/\"},\"sameAs\":[\"https:\/\/www.facebook.com\/people\/Ministre-Des-Affaires-Sociales-Et-De-Laction-Humanitaire\/100064473618465\/\",\"https:\/\/twitter.com\/aff_sociales_cg\"]}]}<\/script>\n<!-- \/ Yoast SEO plugin. -->","yoast_head_json":{"title":"le ministre - affaire-sociales","robots":{"index":"index","follow":"follow","max-snippet":"max-snippet:-1","max-image-preview":"max-image-preview:large","max-video-preview":"max-video-preview:-1"},"canonical":"https:\/\/affaires-sociales.gouv.cg\/site_dev\/le-ministre\/","og_locale":"fr_FR","og_type":"article","og_title":"le ministre - affaire-sociales","og_description":"Article 2 : Plac\u00e9 sous l\u2019autorit\u00e9 d\u2019un directeur, le cabinet est l\u2019organe de conception, de coordination, d\u2019animation et de contr\u00f4le qui assiste le ministre dans son action.Il est charg\u00e9 de r\u00e9gler, au nom du ministre et par d\u00e9l\u00e9gation, toutes les questions politiques, administratives et techniques...","og_url":"https:\/\/affaires-sociales.gouv.cg\/site_dev\/le-ministre\/","og_site_name":"affaire-sociales","article_publisher":"https:\/\/www.facebook.com\/people\/Ministre-Des-Affaires-Sociales-Et-De-Laction-Humanitaire\/100064473618465\/","article_modified_time":"2023-01-24T14:03:52+00:00","twitter_card":"summary_large_image","twitter_site":"@aff_sociales_cg","twitter_misc":{"Dur\u00e9e de lecture estim\u00e9e":"1 minute"},"schema":{"@context":"https:\/\/schema.org","@graph":[{"@type":"WebPage","@id":"https:\/\/affaires-sociales.gouv.cg\/site_dev\/le-ministre\/","url":"https:\/\/affaires-sociales.gouv.cg\/site_dev\/le-ministre\/","name":"le ministre - affaire-sociales","isPartOf":{"@id":"https:\/\/affaires-sociales.gouv.cg\/site_dev\/#website"},"datePublished":"2023-01-10T16:11:41+00:00","dateModified":"2023-01-24T14:03:52+00:00","breadcrumb":{"@id":"https:\/\/affaires-sociales.gouv.cg\/site_dev\/le-ministre\/#breadcrumb"},"inLanguage":"fr-FR","potentialAction":[{"@type":"ReadAction","target":["https:\/\/affaires-sociales.gouv.cg\/site_dev\/le-ministre\/"]}]},{"@type":"BreadcrumbList","@id":"https:\/\/affaires-sociales.gouv.cg\/site_dev\/le-ministre\/#breadcrumb","itemListElement":[{"@type":"ListItem","position":1,"name":"Accueil","item":"https:\/\/affaires-sociales.gouv.cg\/site_dev\/"},{"@type":"ListItem","position":2,"name":"le ministre"}]},{"@type":"WebSite","@id":"https:\/\/affaires-sociales.gouv.cg\/site_dev\/#website","url":"https:\/\/affaires-sociales.gouv.cg\/site_dev\/","name":"affaires-sociales","description":"Un site utilisant WordPress","publisher":{"@id":"https:\/\/affaires-sociales.gouv.cg\/site_dev\/#organization"},"potentialAction":[{"@type":"SearchAction","target":{"@type":"EntryPoint","urlTemplate":"https:\/\/affaires-sociales.gouv.cg\/site_dev\/?s={search_term_string}"},"query-input":"required name=search_term_string"}],"inLanguage":"fr-FR"},{"@type":"Organization","@id":"https:\/\/affaires-sociales.gouv.cg\/site_dev\/#organization","name":"minist\u00e8re des affaires-sociales, de la solidarit\u00e9 et de l'Action Humanitaire","url":"https:\/\/affaires-sociales.gouv.cg\/site_dev\/","logo":{"@type":"ImageObject","inLanguage":"fr-FR","@id":"https:\/\/affaires-sociales.gouv.cg\/site_dev\/#\/schema\/logo\/image\/","url":"https:\/\/affaires-sociales.gouv.cg\/wp-content\/uploads\/2023\/01\/logogros.jpg","contentUrl":"https:\/\/affaires-sociales.gouv.cg\/wp-content\/uploads\/2023\/01\/logogros.jpg","width":1376,"height":502,"caption":"minist\u00e8re des affaires-sociales, de la solidarit\u00e9 et de l'Action Humanitaire"},"image":{"@id":"https:\/\/affaires-sociales.gouv.cg\/site_dev\/#\/schema\/logo\/image\/"},"sameAs":["https:\/\/www.facebook.com\/people\/Ministre-Des-Affaires-Sociales-Et-De-Laction-Humanitaire\/100064473618465\/","https:\/\/twitter.com\/aff_sociales_cg"]}]}},"rttpg_featured_image_url":null,"rttpg_author":{"display_name":"admin_sociales","author_link":"https:\/\/affaires-sociales.gouv.cg\/site_dev\/author\/admin_sociales\/"},"rttpg_comment":0,"rttpg_category":null,"rttpg_excerpt":"Article 2 : Plac\u00e9 sous l\u2019autorit\u00e9 d\u2019un directeur, le cabinet est l\u2019organe de conception, de coordination, d\u2019animation et de contr\u00f4le qui assiste le ministre dans son action.Il est charg\u00e9 de r\u00e9gler, au nom du ministre et par d\u00e9l\u00e9gation, toutes les questions politiques, administratives et techniques...","_links":{"self":[{"href":"https:\/\/affaires-sociales.gouv.cg\/site_dev\/wp-json\/wp\/v2\/pages\/15461"}],"collection":[{"href":"https:\/\/affaires-sociales.gouv.cg\/site_dev\/wp-json\/wp\/v2\/pages"}],"about":[{"href":"https:\/\/affaires-sociales.gouv.cg\/site_dev\/wp-json\/wp\/v2\/types\/page"}],"author":[{"embeddable":true,"href":"https:\/\/affaires-sociales.gouv.cg\/site_dev\/wp-json\/wp\/v2\/users\/1"}],"replies":[{"embeddable":true,"href":"https:\/\/affaires-sociales.gouv.cg\/site_dev\/wp-json\/wp\/v2\/comments?post=15461"}],"version-history":[{"count":7,"href":"https:\/\/affaires-sociales.gouv.cg\/site_dev\/wp-json\/wp\/v2\/pages\/15461\/revisions"}],"predecessor-version":[{"id":16426,"href":"https:\/\/affaires-sociales.gouv.cg\/site_dev\/wp-json\/wp\/v2\/pages\/15461\/revisions\/16426"}],"wp:attachment":[{"href":"https:\/\/affaires-sociales.gouv.cg\/site_dev\/wp-json\/wp\/v2\/media?parent=15461"}],"curies":[{"name":"wp","href":"https:\/\/api.w.org\/{rel}","templated":true}]}}