{"version":"1.0","provider_name":"affaire-sociales","provider_url":"https:\/\/affaires-sociales.gouv.cg\/site_dev","author_name":"admin_sociales","author_url":"https:\/\/affaires-sociales.gouv.cg\/site_dev\/author\/admin_sociales\/","title":"Activit\u00e9s sportives - affaire-sociales","type":"rich","width":600,"height":338,"html":"<blockquote class=\"wp-embedded-content\" data-secret=\"w6YyKuVqE3\"><a href=\"https:\/\/affaires-sociales.gouv.cg\/site_dev\/2023\/02\/28\/activites-sportives\/\">Activit\u00e9s sportives<\/a><\/blockquote><iframe sandbox=\"allow-scripts\" security=\"restricted\" src=\"https:\/\/affaires-sociales.gouv.cg\/site_dev\/2023\/02\/28\/activites-sportives\/embed\/#?secret=w6YyKuVqE3\" width=\"600\" height=\"338\" title=\"\u00ab\u00a0Activit\u00e9s sportives\u00a0\u00bb &#8212; affaire-sociales\" data-secret=\"w6YyKuVqE3\" frameborder=\"0\" marginwidth=\"0\" marginheight=\"0\" scrolling=\"no\" class=\"wp-embedded-content\"><\/iframe><script type=\"text\/javascript\">\n\/*! This file is auto-generated *\/\n!function(c,d){\"use strict\";var e=!1,o=!1;if(d.querySelector)if(c.addEventListener)e=!0;if(c.wp=c.wp||{},c.wp.receiveEmbedMessage);else if(c.wp.receiveEmbedMessage=function(e){var t=e.data;if(!t);else if(!(t.secret||t.message||t.value));else if(\/[^a-zA-Z0-9]\/.test(t.secret));else{for(var r,s,a,i=d.querySelectorAll('iframe[data-secret=\"'+t.secret+'\"]'),n=d.querySelectorAll('blockquote[data-secret=\"'+t.secret+'\"]'),o=new RegExp(\"^https?:$\",\"i\"),l=0;l<n.length;l++)n[l].style.display=\"none\";for(l=0;l<i.length;l++)if(r=i[l],e.source!==r.contentWindow);else{if(r.removeAttribute(\"style\"),\"height\"===t.message){if(1e3<(s=parseInt(t.value,10)))s=1e3;else if(~~s<200)s=200;r.height=s}if(\"link\"===t.message)if(s=d.createElement(\"a\"),a=d.createElement(\"a\"),s.href=r.getAttribute(\"src\"),a.href=t.value,!o.test(a.protocol));else if(a.host===s.host)if(d.activeElement===r)c.top.location.href=t.value}}},e)c.addEventListener(\"message\",c.wp.receiveEmbedMessage,!1),d.addEventListener(\"DOMContentLoaded\",t,!1),c.addEventListener(\"load\",t,!1);function t(){if(o);else{o=!0;for(var e,t,r,s=-1!==navigator.appVersion.indexOf(\"MSIE 10\"),a=!!navigator.userAgent.match(\/Trident.*rv:11\\.\/),i=d.querySelectorAll(\"iframe.wp-embedded-content\"),n=0;n<i.length;n++){if(!(r=(t=i[n]).getAttribute(\"data-secret\")))r=Math.random().toString(36).substr(2,10),t.src+=\"#?secret=\"+r,t.setAttribute(\"data-secret\",r);if(s||a)(e=t.cloneNode(!0)).removeAttribute(\"security\"),t.parentNode.replaceChild(e,t);t.contentWindow.postMessage({message:\"ready\",secret:r},\"*\")}}}}(window,document);\n<\/script>\n","thumbnail_url":"https:\/\/affaires-sociales.gouv.cg\/site_dev\/wp-content\/uploads\/2023\/02\/279888687_365203765638741_7910745904936694035_n.jpg","thumbnail_width":1448,"thumbnail_height":636,"description":"C\u2019est \u00e0 travers les activit\u00e9s sportives que les personnels du minist\u00e8re des affaires sociales et de l\u2019action humanitaire ont c\u00e9l\u00e9br\u00e9 ce 1er mai, la f\u00eate des travailleurs. Cette manifestation s\u2019est tenue sous le signe de la coh\u00e9sion comme le souligne le th\u00e8me choisi \u00e0 cette..."}